{"id":6,"date":"2015-12-07T23:18:32","date_gmt":"2015-12-07T23:18:32","guid":{"rendered":"https:\/\/desafioamarelo.abaae.pt\/biodiversidade\/?page_id=6"},"modified":"2025-11-20T10:15:30","modified_gmt":"2025-11-20T10:15:30","slug":"regulamento","status":"publish","type":"page","link":"https:\/\/desafioamarelo.abaae.pt\/biodiversidade\/regulamento\/","title":{"rendered":"Regulamento"},"content":{"rendered":"<p>[et_pb_section fb_built=&#8221;1&#8243; fullwidth=&#8221;on&#8221; _builder_version=&#8221;4.27.4&#8243; global_module=&#8221;413&#8243; global_colors_info=&#8221;{}&#8221;][et_pb_fullwidth_header title=&#8221;Cuidar dos Animais, Cuidar do Ambiente&#8221; background_overlay_color=&#8221;#ffe111&#8243; admin_label=&#8221;Fullwidth Header&#8221; _builder_version=&#8221;4.27.4&#8243; background_color=&#8221;#ffdf18&#8243; background_layout=&#8221;light&#8221; button_one_letter_spacing_hover=&#8221;0&#8243; button_two_letter_spacing_hover=&#8221;0&#8243; global_colors_info=&#8221;{}&#8221; button_one_text_size__hover_enabled=&#8221;off&#8221; button_two_text_size__hover_enabled=&#8221;off&#8221; button_one_text_color__hover_enabled=&#8221;off&#8221; button_two_text_color__hover_enabled=&#8221;off&#8221; button_one_border_width__hover_enabled=&#8221;off&#8221; button_two_border_width__hover_enabled=&#8221;off&#8221; button_one_border_color__hover_enabled=&#8221;off&#8221; button_two_border_color__hover_enabled=&#8221;off&#8221; button_one_border_radius__hover_enabled=&#8221;off&#8221; button_two_border_radius__hover_enabled=&#8221;off&#8221; button_one_letter_spacing__hover_enabled=&#8221;on&#8221; button_one_letter_spacing__hover=&#8221;0&#8243; button_two_letter_spacing__hover_enabled=&#8221;on&#8221; button_two_letter_spacing__hover=&#8221;0&#8243; button_one_bg_color__hover_enabled=&#8221;off&#8221; button_two_bg_color__hover_enabled=&#8221;off&#8221;]<\/p>\n<p>Desafio Tetrapak | Compal 2025<br \/><img class=\"a35-image-header wp-image-926 size-full alignnone\" alt=\"\" width=\"0\" height=\"0\" \/><\/p>\n<p>[\/et_pb_fullwidth_header][\/et_pb_section][et_pb_section fb_built=&#8221;1&#8243; _builder_version=&#8221;4.16&#8243; global_colors_info=&#8221;{}&#8221;][et_pb_row _builder_version=&#8221;4.16&#8243; background_size=&#8221;initial&#8221; background_position=&#8221;top_left&#8221; background_repeat=&#8221;repeat&#8221; global_colors_info=&#8221;{}&#8221;][et_pb_column type=&#8221;4_4&#8243; _builder_version=&#8221;4.16&#8243; custom_padding=&#8221;|||&#8221; global_colors_info=&#8221;{}&#8221; custom_padding__hover=&#8221;|||&#8221;][et_pb_text admin_label=&#8221;T\u00edtulo&#8221; _builder_version=&#8221;4.27.4&#8243; background_size=&#8221;initial&#8221; background_position=&#8221;top_left&#8221; background_repeat=&#8221;repeat&#8221; use_border_color=&#8221;off&#8221; global_colors_info=&#8221;{}&#8221;]<\/p>\n<h1><img class=\"a35-title-icon alignleft\" alt=\"\" width=\"0\" height=\"0\" \/><strong style=\"font-size: 30px\">Regulamento<\/strong><\/h1>\n<p>[\/et_pb_text][\/et_pb_column][\/et_pb_row][et_pb_row column_structure=&#8221;1_2,1_2&#8243; _builder_version=&#8221;4.16&#8243; background_size=&#8221;initial&#8221; background_position=&#8221;top_left&#8221; background_repeat=&#8221;repeat&#8221; width=&#8221;79.5%&#8221; global_colors_info=&#8221;{}&#8221;][et_pb_column type=&#8221;1_2&#8243; _builder_version=&#8221;4.16&#8243; custom_padding=&#8221;|||&#8221; global_colors_info=&#8221;{}&#8221; custom_padding__hover=&#8221;|||&#8221;][et_pb_text _builder_version=&#8221;4.27.4&#8243; background_size=&#8221;initial&#8221; background_position=&#8221;top_left&#8221; background_repeat=&#8221;repeat&#8221; use_border_color=&#8221;off&#8221; global_colors_info=&#8221;{}&#8221;]<\/p>\n<h4><strong>1. QUEM PODE PARTICIPAR<\/strong><\/h4>\n<p>1.1. Este desafio \u00e9 direcionado para as escolas da rede Eco-Escolas de todos os graus de ensino, sendo considerados 2 escal\u00f5es:<\/p>\n<ul>\n<li>escal\u00e3o 1: jardins de inf\u00e2ncia e escolas de 1\u00ba ciclo<\/li>\n<li>escal\u00e3o 2: escolas de outros n\u00edveis de ensino a partir do 2\u00ba ciclo (inclusive)<\/li>\n<\/ul>\n<p>1.2. Apenas poder\u00e1 ser submetido um trabalho por escola. Cada escola dever\u00e1 escolher a melhor estrat\u00e9gia para o envolvimento dos alunos, incentivando-se a competi\u00e7\u00e3o interna entre turmas para a sele\u00e7\u00e3o do trabalho a submeter.<\/p>\n<p>&nbsp;<\/p>\n<h4><strong>2. REGISTO<\/strong><\/h4>\n<p>2.1. A Escola dever\u00e1 realizar a inscri\u00e7\u00e3o na <a href=\"https:\/\/ecoescolas.abaae.pt\/plataforma\/\" target=\"_blank\" rel=\"noopener\">plataforma Eco-Escolas<\/a> at\u00e9 ao dia <strong>31 de maio<\/strong>.<\/p>\n<p>&nbsp;<\/p>\n<h4><strong>3. DESCRI\u00c7\u00c3O DO TRABALHO<\/strong><\/h4>\n<p>3.1. Os alunos s\u00e3o convidados a construir uma pe\u00e7a representativa da<strong> Fauna<\/strong> <strong>Aut\u00f3ctone <\/strong>ou<strong> uma Esp\u00e9cie Amea\u00e7ada a N\u00edvel Mundial <\/strong>de cor amarela.<\/p>\n<p>3.2. A pe\u00e7a a concurso dever\u00e1 ser constru\u00edda com embalagens da Tetra Pak da Marca Compal, identificadas com o seguinte selo: Tetra Pak \u2013 Protege o que \u00e9 bom da marca Compal.<\/p>\n<p class=\"aligncenter\" style=\"width: fit-content\"><img loading=\"lazy\" decoding=\"async\" class=\"wp-image-699 size-thumbnail\" style=\"margin: 0 10px\" src=\"https:\/\/desafioamarelo.abaae.pt\/wp-content\/uploads\/sites\/2\/2025\/04\/tetrapak_cor.png\" alt=\"\" width=\"90\" height=\"90\" \/><img loading=\"lazy\" decoding=\"async\" class=\"wp-image-697 size-thumbnail\" style=\"margin: 0 10px\" src=\"https:\/\/desafioamarelo.abaae.pt\/wp-content\/uploads\/sites\/2\/2025\/04\/Compal2.png\" alt=\"\" width=\"122\" height=\"90\" \/><\/p>\n<div class=\"clearfix\">\u00a0<\/div>\n<p>3.3. Podem ser utilizados materiais complementares como colas, tintas, cord\u00e9is, arame ou outros (preferencialmente reutilizados).<\/p>\n<p>3.4. Deve aparecer em destaque na pe\u00e7a a utiliza\u00e7\u00e3o de embalagens da Tetra Pak da marca Compal.<\/p>\n<p>3.5. As dimens\u00f5es da pe\u00e7a n\u00e3o devem ultrapassar os 100cm de largura e 100cm de altura.<\/p>\n<p>3.6. O trabalho deve transmitir de forma impl\u00edcita e\/ou explicita as mensagens inerentes ao Dia Internacional da Biodiversidade e ao contributo da reciclagem para a sustentabilidade.<\/p>\n<h4><strong>4. INFORMA\u00c7\u00c3O SOLICITADA PARA CONCURSO<\/strong><\/h4>\n<p>A participa\u00e7\u00e3o neste concurso concretiza-se atrav\u00e9s da coloca\u00e7\u00e3o, na plataforma Eco-Escolas, das fotografias do trabalho realizado e a informa\u00e7\u00e3o solicitada.<\/p>\n<p>4.1. Deve ser feito o upload de um conjunto de fotografias &#8211; entre 3 a 6 &#8211; representativas do trabalho, acompanhadas da respetiva legenda. As fotografias devem apresentar:<\/p>\n<ul>\n<li>O registo do processo de constru\u00e7\u00e3o da pe\u00e7a;<\/li>\n<li>A pe\u00e7a representativa do animal;<\/li>\n<li>Um detalhe da pe\u00e7a onde seja vis\u00edvel uma embalagem e o respetivo selo da Tetra Pak;<\/li>\n<li>A turma\/grupo com a pe\u00e7a finalizada.<\/li>\n<\/ul>\n<p>4.2. \u00c9 ainda solicitada uma mem\u00f3ria descritiva onde devem constar informa\u00e7\u00f5es relativas ao processo de constru\u00e7\u00e3o da pe\u00e7a (materiais utilizados, metodologia e intervenientes).<\/p>\n<p>4.3. Indica\u00e7\u00e3o do Nome Comum e do Nome Cient\u00edfico do Animal, bem como as raz\u00f5es que levaram \u00e0 escolha deste.<\/p>\n<p>4.4. Mensagens inerentes ao Dia Internacional da Biodiversidade e \u00e0 Conserva\u00e7\u00e3o das Esp\u00e9cies.<\/p>\n<p>&nbsp;<\/p>\n<p>[\/et_pb_text][\/et_pb_column][et_pb_column type=&#8221;1_2&#8243; _builder_version=&#8221;4.16&#8243; custom_padding=&#8221;|||&#8221; global_colors_info=&#8221;{}&#8221; custom_padding__hover=&#8221;|||&#8221;][et_pb_text _builder_version=&#8221;4.27.4&#8243; background_size=&#8221;initial&#8221; background_position=&#8221;top_left&#8221; background_repeat=&#8221;repeat&#8221; use_border_color=&#8221;off&#8221; border_color=&#8221;#ffffff&#8221; border_style=&#8221;solid&#8221; global_colors_info=&#8221;{}&#8221;]<\/p>\n<h4><strong>5. PRAZOS<\/strong><\/h4>\n<p>5.1. A inscri\u00e7\u00e3o dever\u00e1 ser realizada preferencialmente at\u00e9 ao dia <strong>31 de maio de 2025<\/strong>.<\/p>\n<p>5.2. Toda a informa\u00e7\u00e3o dever\u00e1 ser submetida online at\u00e9 ao dia <strong>15 de junho de 2025<\/strong>.<\/p>\n<p>&nbsp;<\/p>\n<h4><strong>6. AVALIA\u00c7\u00c3O e J\u00daRI<\/strong><\/h4>\n<p>6.1. Os crit\u00e9rios de avalia\u00e7\u00e3o dos trabalhos a concurso ser\u00e3o:<\/p>\n<ul>\n<li>criatividade e originalidade<\/li>\n<li>funcionalidade (est\u00e9tica, utilit\u00e1ria, etc)<\/li>\n<li>demonstra\u00e7\u00e3o da capacidade de reutiliza\u00e7\u00e3o de recursos<\/li>\n<li>mensagens impl\u00edcitas e expl\u00edcitas<\/li>\n<li>cumprimento das regras do presente regulamento (ponto 3)<\/li>\n<\/ul>\n<p>6.2. O j\u00fari ser\u00e1 constitu\u00eddo por elementos da ABAAE, Tetra Pak e Compal.<\/p>\n<p>&nbsp;<\/p>\n<h4><strong>7. PR\u00c9MIOS<\/strong><\/h4>\n<p>No \u00e2mbito deste desafio, ser\u00e3o premiadas 6 escolas (3 em cada escal\u00e3o).<\/p>\n<p>O pr\u00e9mio a atribuir \u00e0s escolas premiadas ser\u00e1 de 500\u20ac, que dever\u00e3o ser aplicados em materiais para tornar a escola mais sustent\u00e1vel.<\/p>\n<p>&nbsp;<\/p>\n<h4><strong>NOTAS ADICIONAIS<\/strong><\/h4>\n<p>A participa\u00e7\u00e3o no desafio determina o reconhecimento pelos concorrentes dos direitos de utiliza\u00e7\u00e3o e divulga\u00e7\u00e3o dos promotores do Projeto relativamente a qualquer registo de som, imagem ou v\u00eddeo realizado no \u00e2mbito do concurso, sendo da responsabilidade da escola a obten\u00e7\u00e3o junto dos encarregados de educa\u00e7\u00e3o dos alunos que integram a turma concorrente das competentes autoriza\u00e7\u00f5es.<\/p>\n<p>[\/et_pb_text][et_pb_divider _builder_version=&#8221;4.27.4&#8243; _module_preset=&#8221;default&#8221; custom_margin=&#8221;||||false|false&#8221; custom_padding=&#8221;20px||||false|false&#8221; global_colors_info=&#8221;{}&#8221;][\/et_pb_divider][et_pb_button button_url=&#8221;@ET-DC@eyJkeW5hbWljIjp0cnVlLCJjb250ZW50IjoicG9zdF9saW5rX3VybF9wYWdlIiwic2V0dGluZ3MiOnsicG9zdF9pZCI6IjEzNTMifX0=@&#8221; url_new_window=&#8221;on&#8221; button_text=&#8221;Ver os P\u00f3steres&#8221; button_alignment=&#8221;center&#8221; _builder_version=&#8221;4.27.4&#8243; _dynamic_attributes=&#8221;button_url&#8221; _module_preset=&#8221;default&#8221; custom_button=&#8221;on&#8221; button_text_size=&#8221;14px&#8221; button_text_color=&#8221;#333333&#8243; button_bg_use_color_gradient=&#8221;on&#8221; button_bg_color_gradient_stops=&#8221;#fff24c 0%|#fdd634 100%&#8221; button_border_width=&#8221;1px&#8221; button_border_color=&#8221;#fdd634&#8243; button_border_radius=&#8221;10px&#8221; button_font=&#8221;|600|||||||&#8221; custom_padding=&#8221;7px||7px||true|false&#8221; global_colors_info=&#8221;{}&#8221;][\/et_pb_button][\/et_pb_column][\/et_pb_row][\/et_pb_section][et_pb_section fb_built=&#8221;1&#8243; _builder_version=&#8221;4.14.2&#8243; custom_margin=&#8221;||10px||false|false&#8221; custom_padding=&#8221;24px||0px||false|false&#8221; top_divider_style=&#8221;arrow3&#8243; top_divider_color=&#8221;rgba(253,192,24,0.2)&#8221; top_divider_height=&#8221;4px&#8221; top_divider_flip=&#8221;vertical&#8221; global_module=&#8221;1057&#8243; global_colors_info=&#8221;{}&#8221;][et_pb_row _builder_version=&#8221;4.27.4&#8243; _module_preset=&#8221;default&#8221; column_structure=&#8221;1_2,1_2&#8243;][et_pb_column _builder_version=&#8221;4.27.4&#8243; _module_preset=&#8221;default&#8221; type=&#8221;1_2&#8243;][et_pb_text _builder_version=&#8221;4.27.4&#8243; _module_preset=&#8221;default&#8221; hover_enabled=&#8221;0&#8243; sticky_enabled=&#8221;0&#8243; admin_label=&#8221;Iniciativa&#8221;]INICIATIVA<\/p>\n<p><a href=\"http:\/\/www.tetrapak.com\/pt\" target=\"_blank\" rel=\"noopener noreferrer\"><img loading=\"lazy\" decoding=\"async\" class=\"alignnone wp-image-101\" src=\"https:\/\/desafioamarelo.abaae.pt\/wp-content\/uploads\/2025\/05\/stamp_rgb_pt_small.png\" alt=\"stamp_rgb_pt_small\" width=\"80\" height=\"80\" \/><\/a>\u00a0<a href=\"https:\/\/compal.pt\/\" target=\"_blank\" rel=\"noopener noreferrer\"><img loading=\"lazy\" decoding=\"async\" class=\"alignnone size-full wp-image-497\" src=\"https:\/\/desafioamarelo.abaae.pt\/wp-content\/uploads\/2025\/05\/Compal2.png\" alt=\"\" width=\"122\" height=\"90\" \/><\/a>[\/et_pb_text][\/et_pb_column][et_pb_column _builder_version=&#8221;4.27.4&#8243; _module_preset=&#8221;default&#8221; type=&#8221;1_2&#8243;][et_pb_text _builder_version=&#8221;4.27.4&#8243; _module_preset=&#8221;default&#8221; admin_label=&#8221;Coordena\u00e7\u00e3o&#8221; hover_enabled=&#8221;0&#8243; sticky_enabled=&#8221;0&#8243;]<\/p>\n<p>COORDENA\u00c7\u00c3O<\/p>\n<p><a href=\"https:\/\/abaae.pt\/\" target=\"_blank\" rel=\"noopener noreferrer\"><img loading=\"lazy\" decoding=\"async\" class=\"alignnone wp-image-101\" src=\"https:\/\/desafioamarelo.abaae.pt\/wp-content\/uploads\/2025\/05\/ABAAE_Logotipo_cores_transparente_no_space.png\" alt=\"Associa\u00e7\u00e3o Bandeira Azul de Ambiente e Educa\u00e7\u00e3o\" width=\"218\" height=\"90\" \/><\/a>\u00a0<a href=\"https:\/\/ecoescolas.abaae.pt\/\" target=\"_blank\" rel=\"noopener noreferrer\"><img loading=\"lazy\" decoding=\"async\" class=\"alignnone wp-image-497\" src=\"https:\/\/desafioamarelo.abaae.pt\/wp-content\/uploads\/2025\/05\/es_logo_high_res.png\" alt=\"Programa Eco-Escolas\" width=\"97\" height=\"96\" \/><\/a><\/p>\n<p>[\/et_pb_text][\/et_pb_column][\/et_pb_row][\/et_pb_section]<\/p>\n","protected":false},"excerpt":{"rendered":"<p>Desafio Tetrapak | Compal 2025Regulamento1. QUEM PODE PARTICIPAR 1.1. Este desafio \u00e9 direcionado para as escolas da rede Eco-Escolas de todos os graus de ensino, sendo considerados 2 escal\u00f5es: escal\u00e3o 1: jardins de inf\u00e2ncia e escolas de 1\u00ba ciclo escal\u00e3o 2: escolas de outros n\u00edveis de ensino a partir do 2\u00ba ciclo (inclusive) 1.2. Apenas [&hellip;]<\/p>\n","protected":false},"author":3,"featured_media":0,"parent":0,"menu_order":0,"comment_status":"closed","ping_status":"closed","template":"","meta":{"_et_pb_use_builder":"on","_et_pb_old_content":"<h2>Passatempo \u201cCria uma fruta, colhe os pr\u00e9mios.\u201d<\/h2><h4><strong> OBJETIVO<\/strong><\/h4><p>O passatempo <strong>\u201cCria uma fruta, colhe os pr\u00e9mios\u201d<\/strong>, \u00e9 uma a\u00e7\u00e3o promovida pela SUMOL+COMPAL Marcas, S.A. (doravante designada por Compal), e pela TETRA PAK PORTUGAL \u2013 Sistemas de Embalagem e Tratamento para Alimentos, S.A., (doravante designada por TETRA PAK), em parceria com o Programa Eco-Escolas da Associa\u00e7\u00e3o Bandeira Azul da Europa que visa os seguintes objetivos:<\/p><ul><li>Chamar a aten\u00e7\u00e3o da comunidade escolar para a ado\u00e7\u00e3o de h\u00e1bitos e estilos de vida saud\u00e1veis em especial, para a import\u00e2ncia de uma alimenta\u00e7\u00e3o equilibrada, onde as frutas e legumes devem ter uma presen\u00e7a di\u00e1ria;<\/li><li>Informar sobre a import\u00e2ncia da deposi\u00e7\u00e3o das embalagens de cart\u00e3o para alimentos l\u00edquidos no ecoponto amarelo;<\/li><li>Divulgar o significado do s\u00edmbolo FSC<sup>\u00ae<\/sup> constante das embalagens da Tetra Pak utilizadas pela marca Compal.<\/li><li>Envolver a comunidade escolar (alunos, professores, funcion\u00e1rios e pais) em atividades espec\u00edficas cujo objetivo \u00e9 induzir mensagens relacionadas com a sustentabilidade.<\/li><\/ul><p> <\/p><h4>\u00c2MBITO DO PASSATEMPO<\/h4><p>Os participantes no passatempo s\u00e3o convidados a construir uma ou mais pe\u00e7as de fruta utilizando embalagens de cart\u00e3o da Tetra Pak e da Compal com o s\u00edmbolo do FSC\u00ae.<\/p><h4>DATAS<\/h4><p>Inscri\u00e7\u00e3o: <strong>at\u00e9 29 de fevereiro de 2016<\/strong> Envio dos trabalhos: <strong>at\u00e9 21 de abril de 2016<\/strong> Comunica\u00e7\u00e3o dos resultados: <strong>12 de maio de 2016<\/strong> <strong><em>O passatempo decorrer\u00e1 entre os dias 1 de fevereiro e 21 de abril de 2016.<\/em><\/strong><\/p><h4>DESTINAT\u00c1RIOS<\/h4><p>O passatempo \u00e9 direcionado para todas as escolas pertencentes \u00e0 rede Eco-Escolas sendo, para efeitos deste passatempo, considerados apenas 2 escal\u00f5es:<\/p><ul><li>Escal\u00e3o 1: jardins-de-inf\u00e2ncia e escolas de 1\u00ba ciclo;<\/li><li>Escal\u00e3o 2: escolas de outros n\u00edveis de ensino a partir do 2\u00ba ciclo (inclusive);<\/li><\/ul><p>Cada escola dever\u00e1 organizar-se conforme melhor entender, podendo realizar uma ou mais pe\u00e7as de fruta. No entanto, apenas poder\u00e1 ser submetido um (1) trabalho por escola.<\/p><h4>PR\u00c9MIOS<\/h4><p>Ser\u00e3o atribu\u00eddos um total de 6 (seis) pr\u00e9mios, no valor total de \u20ac 3.000,00 (tr\u00eas mil euros), da seguinte forma:<\/p><ul><li>Para o 1.\u00ba Escal\u00e3o:<ul><li>3 Escolas ser\u00e3o premiadas com o valor de \u20ac 500,00 (quinhentos euros) cada, para aquisi\u00e7\u00e3o de material que ajude a tornarem a escola mais sustent\u00e1vel.<\/li><\/ul><\/li><li>Para o 2.\u00ba Escal\u00e3o:<ul><li>3 Escolas ser\u00e3o premiadas com o valor de \u20ac 500,00 (quinhentos euros) cada, para aquisi\u00e7\u00e3o de material que ajude a tornar a escola mais sustent\u00e1vel.<\/li><\/ul><\/li><\/ul><p>As escolas vencedoras transmitir\u00e3o aos promotores do passatempo uma lista do material ecol\u00f3gico de que necessitam, no valor do pr\u00e9mio atribu\u00eddo, que ser\u00e1, posteriormente, entregue.<\/p><h4>REGRAS DE PARTICIPA\u00c7\u00c3O<\/h4><p>A Eco-Escola que queira participar dever\u00e1 manifestar a sua inten\u00e7\u00e3o registando-se em <a href=\"https:\/\/desafioamarelo.abaae.pt\/biodiversidade\">www.embalagensdefruta.abae.pt<\/a>, at\u00e9 \u00e0s 23h59, do dia 29 de fevereiro de 2016. Para efetuar o registo, bastar\u00e1 entrar no referido site, fazer LOGIN com os acessos da plataforma Eco-Escolas e inscrever-se preenchendo para tal as informa\u00e7\u00f5es solicitadas.<\/p><h4>DESCRI\u00c7\u00c3O DO TRABALHO<\/h4><p>O fruto ou frutos a concurso dever\u00e3o ser constru\u00eddos com embalagens de cart\u00e3o para alimentos l\u00edquidos da Tetra Pak, identificadas com o seguinte selo: <a href=\"https:\/\/desafioamarelo.abaae.pt\/wp-content\/uploads\/sites\/2\/2015\/12\/TetraPak.png\"><img class=\"size-full wp-image-12 aligncenter\" src=\"https:\/\/desafioamarelo.abaae.pt\/wp-content\/uploads\/sites\/2\/2015\/12\/TetraPak.png\" alt=\"TetraPak\" width=\"72\" height=\"69\" \/><\/a> O fruto ou frutos a concurso dever\u00e3o ser constru\u00eddos com embalagens da Tetra Pak da marca Compal e dever\u00e3o exibir o s\u00edmbolo FSC<sup>\u00ae<\/sup>: <a href=\"https:\/\/desafioamarelo.abaae.pt\/wp-content\/uploads\/sites\/2\/2015\/12\/FSC.png\"><img class=\"size-full wp-image-13 aligncenter\" src=\"https:\/\/desafioamarelo.abaae.pt\/wp-content\/uploads\/sites\/2\/2015\/12\/FSC.png\" alt=\"FSC\" width=\"72\" height=\"75\" \/><\/a><\/p><div class=\"size-full aligncenter\" style=\"width: 330px;\"><img class=\"size-full wp-image-14 alignnone\" style=\"margin-right: 15px;\" src=\"https:\/\/desafioamarelo.abaae.pt\/wp-content\/uploads\/sites\/2\/2015\/12\/compal_1.png\" alt=\"compal_1\" width=\"148\" height=\"131\" \/><img class=\"size-full wp-image-15 alignnone\" src=\"https:\/\/desafioamarelo.abaae.pt\/wp-content\/uploads\/sites\/2\/2015\/12\/compal_2.png\" alt=\"compal_2\" width=\"148\" height=\"131\" \/><\/div><p>\u00c9 permitido utilizar materiais complementares como colas, tintas ou cord\u00e9is, e ainda criar estruturas em arame e\/ou outro material, desde que estes materiais complementares n\u00e3o sejam predominantes na composi\u00e7\u00e3o final. O fruto ou composi\u00e7\u00e3o de frutos n\u00e3o devem exceder as seguintes dimens\u00f5es: 0,60 cm de altura x 0,50 de largura. A \u00faltima etapa ser\u00e1 o envio de 4 fotografias, at\u00e9 \u00e0s 23h59 do dia 21 de abril de 2016, na \u00e1rea reservada para o efeito no site: <a href=\"https:\/\/desafioamarelo.abaae.pt\/biodiversidade\">www.embalagensdefruta.abae.pt<\/a>. As escolas que participem e os seus professores coordenadores ser\u00e3o respons\u00e1veis por assegurar a autoriza\u00e7\u00e3o dos encarregados de educa\u00e7\u00e3o da publica\u00e7\u00e3o de fotografias de crian\u00e7as e jovens. As fotografias devem apresentar:<\/p><ul><li>Registo do processo de constru\u00e7\u00e3o do fruto ou frutos;<\/li><li>O fruto ou composi\u00e7\u00e3o de frutos a concurso;<\/li><li>Detalhe de elemento onde seja vis\u00edvel uma embalagem da Compal e o s\u00edmbolo FSC\u00ae;<\/li><li>A turma\/grupo com o seu trabalho (opcional).<\/li><\/ul><p>\u00c9 ainda solicitada uma Mem\u00f3ria Descritiva onde devem constar informa\u00e7\u00f5es relativas ao processo de constru\u00e7\u00e3o do fruto ou frutos (materiais, metodologias e intervenientes) bem como uma descri\u00e7\u00e3o do fruto ou frutos elaborados salientando a origem, modo de produ\u00e7\u00e3o, caracter\u00edsticas e benef\u00edcios nutricionais.<\/p><h4>AVALIA\u00c7\u00c3O e JURI<\/h4><p>Os crit\u00e9rios de avalia\u00e7\u00e3o dos trabalhos a concurso ser\u00e3o:<\/p><ul><li>Criatividade e originalidade;<\/li><li>Funcionalidade (est\u00e9tica e utilit\u00e1ria);<\/li><li>Demonstra\u00e7\u00e3o da capacidade de reutiliza\u00e7\u00e3o de recursos;<\/li><li>Mensagens impl\u00edcitas e expl\u00edcitas;<\/li><li>Cumprimento das regras do presente regulamento (ponto 7);<\/li><\/ul><p>O j\u00fari ser\u00e1 constitu\u00eddo por elementos da ABAE, da Tetra Pak e da Compal. Os resultados ser\u00e3o anunciados no dia 12 de maio de 2016 atrav\u00e9s dos emails registados e, ainda, no site do concurso em <a href=\"https:\/\/desafioamarelo.abaae.pt\/biodiversidade\">www.embalagensdefruta.abae.pt<\/a>  e tamb\u00e9m em <a href=\"http:\/\/www.embalagensdefruta.simenoamarelo.pt\">www.embalagensdefruta.simenoamarelo.pt<\/a> ..<\/p><p style=\"text-align: right;\"><strong>regulamento formal<\/strong><\/p>","_et_gb_content_width":"","footnotes":""},"class_list":["post-6","page","type-page","status-publish","hentry"],"_links":{"self":[{"href":"https:\/\/desafioamarelo.abaae.pt\/biodiversidade\/wp-json\/wp\/v2\/pages\/6","targetHints":{"allow":["GET"]}}],"collection":[{"href":"https:\/\/desafioamarelo.abaae.pt\/biodiversidade\/wp-json\/wp\/v2\/pages"}],"about":[{"href":"https:\/\/desafioamarelo.abaae.pt\/biodiversidade\/wp-json\/wp\/v2\/types\/page"}],"author":[{"embeddable":true,"href":"https:\/\/desafioamarelo.abaae.pt\/biodiversidade\/wp-json\/wp\/v2\/users\/3"}],"replies":[{"embeddable":true,"href":"https:\/\/desafioamarelo.abaae.pt\/biodiversidade\/wp-json\/wp\/v2\/comments?post=6"}],"version-history":[{"count":91,"href":"https:\/\/desafioamarelo.abaae.pt\/biodiversidade\/wp-json\/wp\/v2\/pages\/6\/revisions"}],"predecessor-version":[{"id":1555,"href":"https:\/\/desafioamarelo.abaae.pt\/biodiversidade\/wp-json\/wp\/v2\/pages\/6\/revisions\/1555"}],"wp:attachment":[{"href":"https:\/\/desafioamarelo.abaae.pt\/biodiversidade\/wp-json\/wp\/v2\/media?parent=6"}],"curies":[{"name":"wp","href":"https:\/\/api.w.org\/{rel}","templated":true}]}}