{"id":1174,"date":"2022-07-12T11:51:50","date_gmt":"2022-07-12T10:51:50","guid":{"rendered":"https:\/\/desafioamarelo.abaae.pt\/biodiversidade\/?page_id=1174"},"modified":"2025-07-30T11:29:13","modified_gmt":"2025-07-30T10:29:13","slug":"premiados-2025","status":"publish","type":"page","link":"https:\/\/desafioamarelo.abaae.pt\/biodiversidade\/premiados-2025\/","title":{"rendered":"Premiados 2025"},"content":{"rendered":"<p>[et_pb_section fb_built=&#8221;1&#8243; _builder_version=&#8221;4.27.4&#8243; _module_preset=&#8221;default&#8221; global_colors_info=&#8221;{}&#8221;][et_pb_row column_structure=&#8221;1_3,1_3,1_3&#8243; use_custom_gutter=&#8221;on&#8221; gutter_width=&#8221;1&#8243; make_equal=&#8221;on&#8221; module_class=&#8221;a35-images-trio&#8221; _builder_version=&#8221;4.27.4&#8243; _module_preset=&#8221;default&#8221; global_colors_info=&#8221;{}&#8221;][et_pb_column type=&#8221;1_3&#8243; _builder_version=&#8221;4.27.4&#8243; _module_preset=&#8221;default&#8221; global_colors_info=&#8221;{}&#8221;][et_pb_image src=&#8221;https:\/\/desafioamarelo.abaae.pt\/biodiversidade\/wp-content\/uploads\/sites\/2\/2025\/05\/lince.png&#8221; title_text=&#8221;lince&#8221; _builder_version=&#8221;4.27.4&#8243; _module_preset=&#8221;default&#8221; global_colors_info=&#8221;{}&#8221;][\/et_pb_image][\/et_pb_column][et_pb_column type=&#8221;1_3&#8243; _builder_version=&#8221;4.27.4&#8243; _module_preset=&#8221;default&#8221; global_colors_info=&#8221;{}&#8221;][et_pb_image src=&#8221;https:\/\/desafioamarelo.abaae.pt\/biodiversidade\/wp-content\/uploads\/sites\/2\/2025\/05\/aguia.png&#8221; title_text=&#8221;aguia&#8221; _builder_version=&#8221;4.27.4&#8243; _module_preset=&#8221;default&#8221; global_colors_info=&#8221;{}&#8221;][\/et_pb_image][\/et_pb_column][et_pb_column type=&#8221;1_3&#8243; _builder_version=&#8221;4.27.4&#8243; _module_preset=&#8221;default&#8221; global_colors_info=&#8221;{}&#8221;][et_pb_image src=&#8221;https:\/\/desafioamarelo.abaae.pt\/biodiversidade\/wp-content\/uploads\/sites\/2\/2025\/05\/baleia.png&#8221; title_text=&#8221;baleia&#8221; _builder_version=&#8221;4.27.4&#8243; _module_preset=&#8221;default&#8221; global_colors_info=&#8221;{}&#8221;][\/et_pb_image][\/et_pb_column][\/et_pb_row][\/et_pb_section][et_pb_section fb_built=&#8221;1&#8243; admin_label=&#8221;section&#8221; _builder_version=&#8221;4.16&#8243; global_colors_info=&#8221;{}&#8221;][et_pb_row admin_label=&#8221;row&#8221; _builder_version=&#8221;4.16&#8243; background_size=&#8221;initial&#8221; background_position=&#8221;top_left&#8221; background_repeat=&#8221;repeat&#8221; global_colors_info=&#8221;{}&#8221;][et_pb_column type=&#8221;4_4&#8243; _builder_version=&#8221;4.16&#8243; custom_padding=&#8221;|||&#8221; global_colors_info=&#8221;{}&#8221; custom_padding__hover=&#8221;|||&#8221;][et_pb_text admin_label=&#8221;T\u00edtulo&#8221; _builder_version=&#8221;4.27.4&#8243; background_size=&#8221;initial&#8221; background_position=&#8221;top_left&#8221; background_repeat=&#8221;repeat&#8221; use_border_color=&#8221;off&#8221; global_colors_info=&#8221;{}&#8221;]<\/p>\n<h1>Cuidar dos Animais, Cuidar do Ambiente<\/h1>\n<h2><strong>\u00a0 \u00a0 \u00a0Premiados 2025<\/strong><\/h2>\n<p>[\/et_pb_text][et_pb_tabs module_class=&#8221;js-a35-tabs-anchor-links&#8221; _builder_version=&#8221;4.27.4&#8243; background_size=&#8221;initial&#8221; background_position=&#8221;top_left&#8221; background_repeat=&#8221;repeat&#8221; use_border_color=&#8221;off&#8221; global_colors_info=&#8221;{}&#8221;][et_pb_tab title=&#8221;1.\u00ba Escal\u00e3o&#8221; _builder_version=&#8221;4.27.4&#8243; body_font=&#8221;||||&#8221; body_line_height=&#8221;2em&#8221; tab_font=&#8221;||||&#8221; tab_line_height=&#8221;2em&#8221; link_option_url=&#8221;#escalao1&#8243; body_line_height_tablet=&#8221;2em&#8221; body_line_height_phone=&#8221;2em&#8221; tab_line_height_tablet=&#8221;2em&#8221; tab_line_height_phone=&#8221;2em&#8221; global_colors_info=&#8221;{}&#8221;]<\/p>\n<h3 style=\"text-align: center;margin-bottom: 20px\">Escolas Premiadas no 1.\u00ba Escal\u00e3o<\/h3>\n<div style=\"margin-bottom: 30px\">\n<table style=\"height: 282px;width: 864px\">\n<tbody>\n<tr style=\"height: 24px\">\n<th style=\"text-align: center;height: 23px;width: 89.2188px\"><strong>Pr\u00e9mio<\/strong><\/th>\n<th style=\"height: 23px;width: 299.703px\"><strong>Nome da Escola<\/strong><\/th>\n<th style=\"height: 23px;width: 254.594px\"><strong>Professor(a) Coordenador(a)<\/strong><\/th>\n<th style=\"text-align: center;height: 23px;width: 192.484px\"><strong>Concelho<\/strong><\/th>\n<\/tr>\n<tr style=\"height: 24px\">\n<td style=\"text-align: center;height: 71px;width: 89.2188px\"><strong>Premiado Ex-aequo<\/strong><\/td>\n<td style=\"height: 71px;width: 299.703px;text-align: left\"><a href=\"https:\/\/desafioamarelo.abaae.pt\/biodiversidade\/trabalhos-2025\/trabalho\/?school=3049&amp;activity=1&amp;work=1\">Escola B\u00e1sica com Secund\u00e1ria Padre Ant\u00f3nio Morais de Fonseca \u2013<br \/>Centro Escolar da Saldida\u00a0<\/a><\/td>\n<td style=\"width: 254.594px;text-align: center\">Dinis Bola<\/td>\n<td style=\"width: 192.484px;text-align: center\">Murtosa<\/td>\n<\/tr>\n<tr style=\"height: 24px\">\n<td style=\"text-align: center;height: 47px;width: 89.2188px\"><strong>Premiado Ex-aequo<\/strong><\/td>\n<td style=\"height: 47px;width: 299.703px;text-align: left\"><a href=\"https:\/\/desafioamarelo.abaae.pt\/biodiversidade\/trabalhos-2025\/trabalho\/?school=2624&amp;activity=1&amp;work=1\">Escola EB1\/PE do Lombo dos Canhas\u00a0<\/a><\/td>\n<td style=\"width: 254.594px;text-align: center\">Maritza Ramos \/ T\u00e2nia Quito<\/td>\n<td style=\"width: 192.484px;text-align: center\">Ponta do Sol<\/td>\n<\/tr>\n<tr style=\"height: 24px\">\n<td style=\"text-align: center;height: 47px;width: 89.2188px\"><strong>MH<\/strong><\/td>\n<td style=\"height: 47px;width: 299.703px;text-align: left\"><a href=\"https:\/\/desafioamarelo.abaae.pt\/biodiversidade\/trabalhos-2025\/trabalho\/?school=3917&amp;activity=1&amp;work=1\">Escola EB do Ramalhal\u00a0<\/a><\/td>\n<td style=\"width: 254.594px;text-align: center\">Vera Paulo \/ S\u00edlvia Fra\u00fasto<\/td>\n<td style=\"width: 192.484px;text-align: center\">Torres Vedras<\/td>\n<\/tr>\n<tr style=\"height: 24px\">\n<td style=\"text-align: center;height: 47px;width: 89.2188px\"><strong>MH<\/strong><\/td>\n<td style=\"height: 47px;width: 299.703px;text-align: left\"><a href=\"https:\/\/desafioamarelo.abaae.pt\/biodiversidade\/trabalhos-2025\/trabalho\/?school=4408&amp;activity=1&amp;work=1\">Centro Escolar do Marco\u00a0<\/a><\/td>\n<td style=\"width: 254.594px;text-align: center\">Lucinda\u00a0 dos Santos \/ Berta Ribeiro<\/td>\n<td style=\"width: 192.484px;text-align: center\">Soure<\/td>\n<\/tr>\n<\/tbody>\n<\/table>\n<\/div>\n<div style=\"margin-bottom: 30px\">\n\n\t\t<style type=\"text\/css\">\n\t\t\t#gallery-1 {\n\t\t\t\tmargin: auto;\n\t\t\t}\n\t\t\t#gallery-1 .gallery-item {\n\t\t\t\tfloat: left;\n\t\t\t\tmargin-top: 10px;\n\t\t\t\ttext-align: center;\n\t\t\t\twidth: 25%;\n\t\t\t}\n\t\t\t#gallery-1 img {\n\t\t\t\tborder: 2px solid #cfcfcf;\n\t\t\t}\n\t\t\t#gallery-1 .gallery-caption {\n\t\t\t\tmargin-left: 0;\n\t\t\t}\n\t\t\t\/* see gallery_shortcode() in wp-includes\/media.php *\/\n\t\t<\/style>\n\t\t<div id='gallery-1' class='gallery galleryid-1174 gallery-columns-4 gallery-size-thumbnail'><dl class='gallery-item'>\n\t\t\t<dt class='gallery-icon landscape'>\n\t\t\t\t<a href='https:\/\/desafioamarelo.abaae.pt\/biodiversidade\/wp-content\/uploads\/sites\/2\/2025\/07\/1.Centro-Escolar-Saldida.JPG-QUADRADA.jpg'><img loading=\"lazy\" decoding=\"async\" width=\"150\" height=\"150\" src=\"https:\/\/desafioamarelo.abaae.pt\/biodiversidade\/wp-content\/uploads\/sites\/2\/2025\/07\/1.Centro-Escolar-Saldida.JPG-QUADRADA-150x150.jpg\" class=\"attachment-thumbnail size-thumbnail\" alt=\"\" aria-describedby=\"gallery-1-1510\" srcset=\"https:\/\/desafioamarelo.abaae.pt\/biodiversidade\/wp-content\/uploads\/sites\/2\/2025\/07\/1.Centro-Escolar-Saldida.JPG-QUADRADA-150x150.jpg 150w, https:\/\/desafioamarelo.abaae.pt\/biodiversidade\/wp-content\/uploads\/sites\/2\/2025\/07\/1.Centro-Escolar-Saldida.JPG-QUADRADA-300x300.jpg 300w, https:\/\/desafioamarelo.abaae.pt\/biodiversidade\/wp-content\/uploads\/sites\/2\/2025\/07\/1.Centro-Escolar-Saldida.JPG-QUADRADA.jpg 455w\" sizes=\"(max-width: 150px) 100vw, 150px\" \/><\/a>\n\t\t\t<\/dt>\n\t\t\t\t<dd class='wp-caption-text gallery-caption' id='gallery-1-1510'>\n\t\t\t\tEscola B\u00e1sica com Secund\u00e1ria Padre Ant\u00f3nio Morais de Fonseca \u2013 Centro Escolar da Saldida \u2013 Murtosa\n\t\t\t\t<\/dd><\/dl><dl class='gallery-item'>\n\t\t\t<dt class='gallery-icon landscape'>\n\t\t\t\t<a href='https:\/\/desafioamarelo.abaae.pt\/biodiversidade\/wp-content\/uploads\/sites\/2\/2025\/07\/2.Lombo-dos-Canhas.JPG-QUADRADA-500x500-1.jpg'><img loading=\"lazy\" decoding=\"async\" width=\"150\" height=\"150\" src=\"https:\/\/desafioamarelo.abaae.pt\/biodiversidade\/wp-content\/uploads\/sites\/2\/2025\/07\/2.Lombo-dos-Canhas.JPG-QUADRADA-500x500-1-150x150.jpg\" class=\"attachment-thumbnail size-thumbnail\" alt=\"\" aria-describedby=\"gallery-1-1511\" \/><\/a>\n\t\t\t<\/dt>\n\t\t\t\t<dd class='wp-caption-text gallery-caption' id='gallery-1-1511'>\n\t\t\t\tEscola EB1\/PE Lombo dos Canhas \u2013 Ponta do Sol\n\t\t\t\t<\/dd><\/dl><dl class='gallery-item'>\n\t\t\t<dt class='gallery-icon landscape'>\n\t\t\t\t<a href='https:\/\/desafioamarelo.abaae.pt\/biodiversidade\/wp-content\/uploads\/sites\/2\/2025\/07\/3.MH_EB-Ramalhal.JPG-QUADRADA-500x500-1.jpg'><img loading=\"lazy\" decoding=\"async\" width=\"150\" height=\"150\" src=\"https:\/\/desafioamarelo.abaae.pt\/biodiversidade\/wp-content\/uploads\/sites\/2\/2025\/07\/3.MH_EB-Ramalhal.JPG-QUADRADA-500x500-1-150x150.jpg\" class=\"attachment-thumbnail size-thumbnail\" alt=\"\" aria-describedby=\"gallery-1-1512\" \/><\/a>\n\t\t\t<\/dt>\n\t\t\t\t<dd class='wp-caption-text gallery-caption' id='gallery-1-1512'>\n\t\t\t\tMH_Escola EB do Ramalhal \u2013 Torres Vedras\n\t\t\t\t<\/dd><\/dl><dl class='gallery-item'>\n\t\t\t<dt class='gallery-icon landscape'>\n\t\t\t\t<a href='https:\/\/desafioamarelo.abaae.pt\/biodiversidade\/wp-content\/uploads\/sites\/2\/2025\/07\/4.MH_Centro-Escolar-do-Marco.JPG-QUADRADA-500x500-1.jpg'><img loading=\"lazy\" decoding=\"async\" width=\"150\" height=\"150\" src=\"https:\/\/desafioamarelo.abaae.pt\/biodiversidade\/wp-content\/uploads\/sites\/2\/2025\/07\/4.MH_Centro-Escolar-do-Marco.JPG-QUADRADA-500x500-1-150x150.jpg\" class=\"attachment-thumbnail size-thumbnail\" alt=\"\" aria-describedby=\"gallery-1-1513\" \/><\/a>\n\t\t\t<\/dt>\n\t\t\t\t<dd class='wp-caption-text gallery-caption' id='gallery-1-1513'>\n\t\t\t\tMH_ Centro Escolar do Marco \u2013 Soure\n\t\t\t\t<\/dd><\/dl><br style=\"clear: both\" \/>\n\t\t<\/div>\n\n<\/div>\n<p>[\/et_pb_tab][et_pb_tab title=&#8221;2.\u00ba Escal\u00e3o&#8221; _builder_version=&#8221;4.27.4&#8243; body_font=&#8221;||||&#8221; body_line_height=&#8221;2em&#8221; tab_font=&#8221;||||&#8221; tab_line_height=&#8221;2em&#8221; link_option_url=&#8221;#escalao2&#8243; body_line_height_tablet=&#8221;2em&#8221; body_line_height_phone=&#8221;2em&#8221; tab_line_height_tablet=&#8221;2em&#8221; tab_line_height_phone=&#8221;2em&#8221; global_colors_info=&#8221;{}&#8221;]<\/p>\n<h3 style=\"text-align: center;margin-bottom: 20px\">Escolas Premiadas no 2.\u00ba Escal\u00e3o<\/h3>\n<div style=\"margin-bottom: 30px\">\n<table style=\"width: 849px;height: 303px\">\n<tbody>\n<tr style=\"height: 24px\">\n<th style=\"text-align: center;width: 82.9531px;height: 23px\"><strong>Pr\u00e9mio<\/strong><\/th>\n<th style=\"width: 246.438px;height: 23px\"><strong>Nome da Escola<\/strong><\/th>\n<th style=\"width: 306.953px;height: 23px\"><strong>Professor(a) Coordenador(a)<\/strong><\/th>\n<th style=\"text-align: center;width: 184.656px;height: 23px\"><strong>Concelho<\/strong><\/th>\n<\/tr>\n<tr style=\"height: 47px\">\n<td style=\"text-align: center;width: 82.9531px;height: 47px\"><strong>Premiado Ex-aequo<\/strong><\/td>\n<td style=\"width: 246.438px;height: 47px\"><a href=\"https:\/\/desafioamarelo.abaae.pt\/biodiversidade\/trabalhos-2025\/trabalho\/?school=2566&amp;activity=1&amp;work=1\">CACI de Santa Cruz \u2013 Camacha\u00a0<\/a><\/td>\n<td style=\"width: 306.953px;height: 47px;text-align: center\">Ana Paula Maciel Viveiros \/ Maria Lu\u00edsa Moniz<\/td>\n<td style=\"width: 184.656px;height: 47px;text-align: center\">Santa Cruz<\/td>\n<\/tr>\n<tr style=\"height: 47px\">\n<td style=\"text-align: center;width: 82.9531px;height: 47px\"><strong>Premiado Ex-aequo<\/strong><\/td>\n<td style=\"width: 246.438px;height: 47px\"><a href=\"https:\/\/desafioamarelo.abaae.pt\/biodiversidade\/trabalhos-2025\/trabalho\/?school=3524&amp;activity=1&amp;work=1\">Escola EB e Secund\u00e1ria Arque\u00f3logo M\u00e1rio Cardoso\u00a0<\/a><\/td>\n<td style=\"width: 306.953px;height: 47px;text-align: center\">Pedro Ramos \/ Tiago Correia da Silva<\/td>\n<td style=\"width: 184.656px;height: 47px;text-align: center\">Guimar\u00e3es<\/td>\n<\/tr>\n<tr style=\"height: 47px\">\n<td style=\"text-align: center;width: 82.9531px;height: 47px\"><strong>Premiado Ex-aequo<\/strong><\/td>\n<td style=\"width: 246.438px;height: 47px\"><a href=\"https:\/\/desafioamarelo.abaae.pt\/biodiversidade\/trabalhos-2025\/trabalho\/?school=112&amp;activity=1&amp;work=1\">Escola B\u00e1sica e Secund\u00e1ria de Arrifana\u00a0<\/a><\/td>\n<td style=\"width: 306.953px;height: 47px;text-align: center\">Antero Resende<\/td>\n<td style=\"width: 184.656px;height: 47px;text-align: center\">Santa Maria da Feira<\/td>\n<\/tr>\n<tr style=\"height: 47px\">\n<td style=\"text-align: center;width: 82.9531px;height: 47px\"><strong>Premiado Ex-aequo<\/strong><\/td>\n<td style=\"width: 246.438px;height: 47px\"><a href=\"https:\/\/desafioamarelo.abaae.pt\/biodiversidade\/trabalhos-2025\/trabalho\/?school=1711&amp;activity=1&amp;work=1\">Escola Secund\u00e1ria de Vendas Novas\u00a0<\/a><\/td>\n<td style=\"width: 306.953px;height: 47px;text-align: center\">Maria Jos\u00e9 Rodrigues \/ Maria da Nazar\u00e9 Concei\u00e7\u00e3o<\/td>\n<td style=\"width: 184.656px;height: 47px;text-align: center\">Vendas Novas<\/td>\n<\/tr>\n<tr style=\"height: 23px\">\n<td style=\"text-align: center;width: 82.9531px;height: 23px\"><strong>MH<\/strong><\/td>\n<td style=\"width: 246.438px;height: 23px\"><a href=\"https:\/\/desafioamarelo.abaae.pt\/biodiversidade\/trabalhos-2025\/trabalho\/?school=3236&amp;activity=1&amp;work=1\">CACI de Santa Cruz\u00a0<\/a><\/td>\n<td style=\"width: 306.953px;height: 23px;text-align: center\">Joana Cala\u00e7a \/ Maria Madalena Catanho<\/td>\n<td style=\"width: 184.656px;height: 23px;text-align: center\">Santa Cruz<\/td>\n<\/tr>\n<tr style=\"height: 23px\">\n<td style=\"text-align: center;width: 82.9531px;height: 23px\"><strong>MH<\/strong><\/td>\n<td style=\"width: 246.438px;height: 23px\"><a href=\"https:\/\/desafioamarelo.abaae.pt\/biodiversidade\/trabalhos-2025\/trabalho\/?school=4675&amp;activity=1&amp;work=1\">Escola B\u00e1sica de Atouguia da Baleia\u00a0<\/a><\/td>\n<td style=\"width: 306.953px;height: 23px;text-align: center\">Maria da F\u00e9 Agostinho<\/td>\n<td style=\"width: 184.656px;text-align: center\">Peniche<\/td>\n<\/tr>\n<tr style=\"height: 23px\">\n<td style=\"text-align: center;width: 82.9531px;height: 23px\"><strong>MH<\/strong><\/td>\n<td style=\"width: 246.438px;height: 23px\"><a href=\"https:\/\/desafioamarelo.abaae.pt\/biodiversidade\/trabalhos-2025\/trabalho\/?school=3415&amp;activity=1&amp;work=1\">Escola EB 2,3 de Gualtar\u00a0<\/a><\/td>\n<td style=\"width: 306.953px;height: 23px;text-align: center\">Raquel Malheiro \/ Maria de F\u00e1tima Gaspar<\/td>\n<td style=\"width: 184.656px;text-align: center\">Braga<\/td>\n<\/tr>\n<tr style=\"height: 23px\">\n<td style=\"text-align: center;width: 82.9531px;height: 23px\"><strong>MH<\/strong><\/td>\n<td style=\"width: 246.438px;height: 23px\"><a href=\"https:\/\/desafioamarelo.abaae.pt\/biodiversidade\/trabalhos-2025\/trabalho\/?school=1244&amp;activity=1&amp;work=1\">Escola EBI da Cordinha\u00a0<\/a><\/td>\n<td style=\"width: 306.953px;height: 23px;text-align: center\">Cristina Nunes<\/td>\n<td style=\"width: 184.656px;height: 23px;text-align: center\">\u00a0Oliveira do Hospital<\/td>\n<\/tr>\n<\/tbody>\n<\/table>\n<\/div>\n<div style=\"margin-bottom: 30px\">\n\n\t\t<style type=\"text\/css\">\n\t\t\t#gallery-2 {\n\t\t\t\tmargin: auto;\n\t\t\t}\n\t\t\t#gallery-2 .gallery-item {\n\t\t\t\tfloat: left;\n\t\t\t\tmargin-top: 10px;\n\t\t\t\ttext-align: center;\n\t\t\t\twidth: 25%;\n\t\t\t}\n\t\t\t#gallery-2 img {\n\t\t\t\tborder: 2px solid #cfcfcf;\n\t\t\t}\n\t\t\t#gallery-2 .gallery-caption {\n\t\t\t\tmargin-left: 0;\n\t\t\t}\n\t\t\t\/* see gallery_shortcode() in wp-includes\/media.php *\/\n\t\t<\/style>\n\t\t<div id='gallery-2' class='gallery galleryid-1174 gallery-columns-4 gallery-size-thumbnail'><dl class='gallery-item'>\n\t\t\t<dt class='gallery-icon landscape'>\n\t\t\t\t<a href='https:\/\/desafioamarelo.abaae.pt\/biodiversidade\/wp-content\/uploads\/sites\/2\/2025\/07\/1.CACI-Camacha.JPG-QUADRADA-500x500-1.jpg'><img loading=\"lazy\" decoding=\"async\" width=\"150\" height=\"150\" src=\"https:\/\/desafioamarelo.abaae.pt\/biodiversidade\/wp-content\/uploads\/sites\/2\/2025\/07\/1.CACI-Camacha.JPG-QUADRADA-500x500-1-150x150.jpg\" class=\"attachment-thumbnail size-thumbnail\" alt=\"\" aria-describedby=\"gallery-2-1514\" \/><\/a>\n\t\t\t<\/dt>\n\t\t\t\t<dd class='wp-caption-text gallery-caption' id='gallery-2-1514'>\n\t\t\t\tCACI de Santa Cruz \u2013 Camacha\n\t\t\t\t<\/dd><\/dl><dl class='gallery-item'>\n\t\t\t<dt class='gallery-icon landscape'>\n\t\t\t\t<a href='https:\/\/desafioamarelo.abaae.pt\/biodiversidade\/wp-content\/uploads\/sites\/2\/2025\/07\/2.Arqueologo-Cardoso.JPG-QUADRADA-500x500-1.jpg'><img loading=\"lazy\" decoding=\"async\" width=\"150\" height=\"150\" src=\"https:\/\/desafioamarelo.abaae.pt\/biodiversidade\/wp-content\/uploads\/sites\/2\/2025\/07\/2.Arqueologo-Cardoso.JPG-QUADRADA-500x500-1-150x150.jpg\" class=\"attachment-thumbnail size-thumbnail\" alt=\"\" aria-describedby=\"gallery-2-1515\" \/><\/a>\n\t\t\t<\/dt>\n\t\t\t\t<dd class='wp-caption-text gallery-caption' id='gallery-2-1515'>\n\t\t\t\tEscola B\/S Arque\u00f3logo M\u00e1rio Cardoso \u2013 Guimar\u00e3es\n\t\t\t\t<\/dd><\/dl><dl class='gallery-item'>\n\t\t\t<dt class='gallery-icon landscape'>\n\t\t\t\t<a href='https:\/\/desafioamarelo.abaae.pt\/biodiversidade\/wp-content\/uploads\/sites\/2\/2025\/07\/3.B_S-de-Arrifana.JPG-QUADRADA-500x500-1.jpg'><img loading=\"lazy\" decoding=\"async\" width=\"150\" height=\"150\" src=\"https:\/\/desafioamarelo.abaae.pt\/biodiversidade\/wp-content\/uploads\/sites\/2\/2025\/07\/3.B_S-de-Arrifana.JPG-QUADRADA-500x500-1-150x150.jpg\" class=\"attachment-thumbnail size-thumbnail\" alt=\"\" aria-describedby=\"gallery-2-1516\" \/><\/a>\n\t\t\t<\/dt>\n\t\t\t\t<dd class='wp-caption-text gallery-caption' id='gallery-2-1516'>\n\t\t\t\tEscola B\/S de Arrifana \u2013 Santa Maria da Feira\n\t\t\t\t<\/dd><\/dl><dl class='gallery-item'>\n\t\t\t<dt class='gallery-icon landscape'>\n\t\t\t\t<a href='https:\/\/desafioamarelo.abaae.pt\/biodiversidade\/wp-content\/uploads\/sites\/2\/2025\/07\/4.Secundaria-de-Vendas-Novas-.JPG-QUADRADA-500x500-1.jpg'><img loading=\"lazy\" decoding=\"async\" width=\"150\" height=\"150\" src=\"https:\/\/desafioamarelo.abaae.pt\/biodiversidade\/wp-content\/uploads\/sites\/2\/2025\/07\/4.Secundaria-de-Vendas-Novas-.JPG-QUADRADA-500x500-1-150x150.jpg\" class=\"attachment-thumbnail size-thumbnail\" alt=\"\" aria-describedby=\"gallery-2-1517\" \/><\/a>\n\t\t\t<\/dt>\n\t\t\t\t<dd class='wp-caption-text gallery-caption' id='gallery-2-1517'>\n\t\t\t\tEscola Secund\u00e1ria de Vendas Novas\n\t\t\t\t<\/dd><\/dl><br style=\"clear: both\" \/><dl class='gallery-item'>\n\t\t\t<dt class='gallery-icon landscape'>\n\t\t\t\t<a href='https:\/\/desafioamarelo.abaae.pt\/biodiversidade\/wp-content\/uploads\/sites\/2\/2025\/07\/5.MH_CACI-de-Santa-Cruz.JPG-QUADRADA-500x500-1.jpg'><img loading=\"lazy\" decoding=\"async\" width=\"150\" height=\"150\" src=\"https:\/\/desafioamarelo.abaae.pt\/biodiversidade\/wp-content\/uploads\/sites\/2\/2025\/07\/5.MH_CACI-de-Santa-Cruz.JPG-QUADRADA-500x500-1-150x150.jpg\" class=\"attachment-thumbnail size-thumbnail\" alt=\"\" aria-describedby=\"gallery-2-1518\" \/><\/a>\n\t\t\t<\/dt>\n\t\t\t\t<dd class='wp-caption-text gallery-caption' id='gallery-2-1518'>\n\t\t\t\tMH_CACI de Santa Cruz\n\t\t\t\t<\/dd><\/dl><dl class='gallery-item'>\n\t\t\t<dt class='gallery-icon landscape'>\n\t\t\t\t<a href='https:\/\/desafioamarelo.abaae.pt\/biodiversidade\/wp-content\/uploads\/sites\/2\/2025\/07\/6.MH_CE-Atouguia-da-Baleia.JPG-QUADRADA-500x500-1.jpg'><img loading=\"lazy\" decoding=\"async\" width=\"150\" height=\"150\" src=\"https:\/\/desafioamarelo.abaae.pt\/biodiversidade\/wp-content\/uploads\/sites\/2\/2025\/07\/6.MH_CE-Atouguia-da-Baleia.JPG-QUADRADA-500x500-1-150x150.jpg\" class=\"attachment-thumbnail size-thumbnail\" alt=\"\" aria-describedby=\"gallery-2-1519\" \/><\/a>\n\t\t\t<\/dt>\n\t\t\t\t<dd class='wp-caption-text gallery-caption' id='gallery-2-1519'>\n\t\t\t\tMH_Escola B\u00e1sica de Atouguia da Baleia \u2013 Peniche\n\t\t\t\t<\/dd><\/dl><dl class='gallery-item'>\n\t\t\t<dt class='gallery-icon landscape'>\n\t\t\t\t<a href='https:\/\/desafioamarelo.abaae.pt\/biodiversidade\/wp-content\/uploads\/sites\/2\/2025\/07\/7.MH_EB-2_3-Gualtar.JPG-QUADRADA-500x500-1.jpg'><img loading=\"lazy\" decoding=\"async\" width=\"150\" height=\"150\" src=\"https:\/\/desafioamarelo.abaae.pt\/biodiversidade\/wp-content\/uploads\/sites\/2\/2025\/07\/7.MH_EB-2_3-Gualtar.JPG-QUADRADA-500x500-1-150x150.jpg\" class=\"attachment-thumbnail size-thumbnail\" alt=\"\" aria-describedby=\"gallery-2-1520\" \/><\/a>\n\t\t\t<\/dt>\n\t\t\t\t<dd class='wp-caption-text gallery-caption' id='gallery-2-1520'>\n\t\t\t\tMH_Escola EB 2,3 de Gualtar \u2013 Braga\n\t\t\t\t<\/dd><\/dl><dl class='gallery-item'>\n\t\t\t<dt class='gallery-icon landscape'>\n\t\t\t\t<a href='https:\/\/desafioamarelo.abaae.pt\/biodiversidade\/wp-content\/uploads\/sites\/2\/2025\/07\/8.MH_MH_EBI-da-Cordinha.JPG-QUADRADA-500x500-1.jpg'><img loading=\"lazy\" decoding=\"async\" width=\"150\" height=\"150\" src=\"https:\/\/desafioamarelo.abaae.pt\/biodiversidade\/wp-content\/uploads\/sites\/2\/2025\/07\/8.MH_MH_EBI-da-Cordinha.JPG-QUADRADA-500x500-1-150x150.jpg\" class=\"attachment-thumbnail size-thumbnail\" alt=\"\" aria-describedby=\"gallery-2-1521\" \/><\/a>\n\t\t\t<\/dt>\n\t\t\t\t<dd class='wp-caption-text gallery-caption' id='gallery-2-1521'>\n\t\t\t\tMH_Escola EBI de Cordinha \u2013 Oliveira do Hospital\n\t\t\t\t<\/dd><\/dl><br style=\"clear: both\" \/>\n\t\t<\/div>\n\n<\/div>\n<p>[\/et_pb_tab][\/et_pb_tabs][\/et_pb_column][\/et_pb_row][et_pb_row _builder_version=&#8221;4.27.4&#8243; _module_preset=&#8221;default&#8221; global_colors_info=&#8221;{}&#8221;][et_pb_column type=&#8221;4_4&#8243; _builder_version=&#8221;4.27.4&#8243; _module_preset=&#8221;default&#8221; global_colors_info=&#8221;{}&#8221;][\/et_pb_column][\/et_pb_row][\/et_pb_section][et_pb_section fb_built=&#8221;1&#8243; _builder_version=&#8221;4.14.2&#8243; custom_margin=&#8221;||10px||false|false&#8221; custom_padding=&#8221;24px||0px||false|false&#8221; top_divider_style=&#8221;arrow3&#8243; top_divider_color=&#8221;rgba(253,192,24,0.2)&#8221; top_divider_height=&#8221;4px&#8221; top_divider_flip=&#8221;vertical&#8221; global_module=&#8221;1057&#8243; saved_tabs=&#8221;all&#8221; global_colors_info=&#8221;{}&#8221;][\/et_pb_section]<\/p>\n","protected":false},"excerpt":{"rendered":"<p>Cuidar dos Animais, Cuidar do Ambiente \u00a0 \u00a0 \u00a0Premiados 2025Escolas Premiadas no 1.\u00ba Escal\u00e3o Pr\u00e9mio Nome da Escola Professor(a) Coordenador(a) Concelho Premiado Ex-aequo Escola B\u00e1sica com Secund\u00e1ria Padre Ant\u00f3nio Morais de Fonseca \u2013Centro Escolar da Saldida\u00a0 Dinis Bola Murtosa Premiado Ex-aequo Escola EB1\/PE do Lombo dos Canhas\u00a0 Maritza Ramos \/ T\u00e2nia Quito Ponta do Sol [&hellip;]<\/p>\n","protected":false},"author":3,"featured_media":0,"parent":0,"menu_order":0,"comment_status":"closed","ping_status":"closed","template":"","meta":{"_et_pb_use_builder":"on","_et_pb_old_content":"","_et_gb_content_width":"","footnotes":""},"class_list":["post-1174","page","type-page","status-publish","hentry"],"_links":{"self":[{"href":"https:\/\/desafioamarelo.abaae.pt\/biodiversidade\/wp-json\/wp\/v2\/pages\/1174","targetHints":{"allow":["GET"]}}],"collection":[{"href":"https:\/\/desafioamarelo.abaae.pt\/biodiversidade\/wp-json\/wp\/v2\/pages"}],"about":[{"href":"https:\/\/desafioamarelo.abaae.pt\/biodiversidade\/wp-json\/wp\/v2\/types\/page"}],"author":[{"embeddable":true,"href":"https:\/\/desafioamarelo.abaae.pt\/biodiversidade\/wp-json\/wp\/v2\/users\/3"}],"replies":[{"embeddable":true,"href":"https:\/\/desafioamarelo.abaae.pt\/biodiversidade\/wp-json\/wp\/v2\/comments?post=1174"}],"version-history":[{"count":28,"href":"https:\/\/desafioamarelo.abaae.pt\/biodiversidade\/wp-json\/wp\/v2\/pages\/1174\/revisions"}],"predecessor-version":[{"id":1543,"href":"https:\/\/desafioamarelo.abaae.pt\/biodiversidade\/wp-json\/wp\/v2\/pages\/1174\/revisions\/1543"}],"wp:attachment":[{"href":"https:\/\/desafioamarelo.abaae.pt\/biodiversidade\/wp-json\/wp\/v2\/media?parent=1174"}],"curies":[{"name":"wp","href":"https:\/\/api.w.org\/{rel}","templated":true}]}}